{"id":46,"date":"2023-09-26T19:34:48","date_gmt":"2023-09-26T17:34:48","guid":{"rendered":"https:\/\/hotelcentrereus.com\/?page_id=46"},"modified":"2026-04-27T09:17:58","modified_gmt":"2026-04-27T07:17:58","slug":"contacto","status":"publish","type":"page","link":"https:\/\/hotelcentrereus.com\/es\/contacto\/","title":{"rendered":"CONTACTO"},"content":{"rendered":"[et_pb_section fb_built=\u00bb1&#8243; admin_label=\u00bbHeader\u00bb _builder_version=\u00bb4.23&#8243; _module_preset=\u00bbdefault\u00bb background_image=\u00bbhttps:\/\/hotelcentrereus.com\/wp-content\/uploads\/2023\/10\/IMG_0019R.jpg\u00bb custom_padding=\u00bb250px||250px||true|false\u00bb collapsed=\u00bbon\u00bb global_colors_info=\u00bb{}\u00bb][et_pb_row column_structure=\u00bb1_2,1_2&#8243; custom_padding_last_edited=\u00bbon|desktop\u00bb disabled_on=\u00bboff|off|on\u00bb _builder_version=\u00bb4.23.1&#8243; _module_preset=\u00bbdefault\u00bb background_color=\u00bb#48918E\u00bb max_width=\u00bb1400px\u00bb custom_margin=\u00bb-10vw||||false|false\u00bb custom_padding=\u00bb|30px||30px|false|true\u00bb custom_padding_tablet=\u00bb|30px||30px|false|true\u00bb custom_padding_phone=\u00bb0px|20px||20px|false|true\u00bb locked=\u00bboff\u00bb global_colors_info=\u00bb{}\u00bb][et_pb_column type=\u00bb1_2&#8243; _builder_version=\u00bb4.17.6&#8243; _module_preset=\u00bbdefault\u00bb custom_padding=\u00bb||||false|false\u00bb global_colors_info=\u00bb{}\u00bb][et_pb_text _builder_version=\u00bb4.23.1&#8243; _module_preset=\u00bbb327cbe4-b1d5-4b66-ad37-40c8f2f061ba\u00bb header_2_font=\u00bb||||||||\u00bb header_2_text_color=\u00bb#FFFFFF\u00bb header_2_font_size=\u00bb30px\u00bb custom_margin=\u00bb20px||||false|false\u00bb header_2_font_size_tablet=\u00bb32px\u00bb header_2_font_size_phone=\u00bb20px\u00bb header_2_font_size_last_edited=\u00bboff|desktop\u00bb global_colors_info=\u00bb{}\u00bb]\n<h2 style=\"text-align: center;\">Tu hogar al coraz\u00f3n de la ciudad<\/h2>\n[\/et_pb_text][\/et_pb_column][et_pb_column type=\u00bb1_2&#8243; _builder_version=\u00bb4.17.6&#8243; _module_preset=\u00bbdefault\u00bb global_colors_info=\u00bb{}\u00bb][et_pb_button button_url=\u00bbhttps:\/\/engine.witbooking.com\/hotel\/hotelcentre\u00bb button_text=\u00bb\u00a1Reserva ahora!\u00bb button_alignment=\u00bbcenter\u00bb _builder_version=\u00bb4.27.6&#8243; _module_preset=\u00bb3117bc07-6a8a-4679-b3bb-b6ed74b48a2f\u00bb custom_button=\u00bbon\u00bb button_text_size=\u00bb12px\u00bb button_text_color=\u00bb#48918E\u00bb button_bg_color=\u00bb#FFFFFF\u00bb button_border_width=\u00bb0px\u00bb button_border_radius=\u00bb0px\u00bb button_letter_spacing=\u00bb0px\u00bb button_font=\u00bb|700||on|||||\u00bb custom_margin=\u00bb20px||||false|false\u00bb custom_padding=\u00bb16px|24px|16px|24px|true|true\u00bb hover_enabled=\u00bb0&#8243; global_colors_info=\u00bb{}\u00bb sticky_enabled=\u00bb0&#8243;][\/et_pb_button][\/et_pb_column][\/et_pb_row][\/et_pb_section][et_pb_section fb_built=\u00bb1&#8243; admin_label=\u00bbServices\u00bb _builder_version=\u00bb4.22.2&#8243; _module_preset=\u00bbdefault\u00bb background_color=\u00bb#FFFFFF\u00bb custom_padding=\u00bb||27px|||\u00bb collapsed=\u00bbon\u00bb global_colors_info=\u00bb{}\u00bb][et_pb_row column_structure=\u00bb1_2,1_2&#8243; custom_padding_last_edited=\u00bbon|desktop\u00bb disabled_on=\u00bbon|on|off\u00bb _builder_version=\u00bb4.23.1&#8243; _module_preset=\u00bbdefault\u00bb background_color=\u00bb#48918E\u00bb max_width=\u00bb1400px\u00bb custom_margin=\u00bb-10vw||||false|false\u00bb custom_padding=\u00bb|30px||30px|false|true\u00bb custom_padding_tablet=\u00bb|30px||30px|false|true\u00bb custom_padding_phone=\u00bb0px|20px||20px|false|true\u00bb global_colors_info=\u00bb{}\u00bb][et_pb_column type=\u00bb1_2&#8243; _builder_version=\u00bb4.17.6&#8243; _module_preset=\u00bbdefault\u00bb custom_padding=\u00bb||||false|false\u00bb global_colors_info=\u00bb{}\u00bb][et_pb_text content_tablet=\u00bb<\/p>\n<h2 style=%22text-align: right;%22>Tu hogar al coraz\u00f3n<\/h2>\n<h2 style=%22text-align: right;%22>de la ciudad<\/h2>\n<p>\u00bb content_phone=\u00bb<\/p>\n<h2 style=%22text-align: center;%22>Tu hogar al coraz\u00f3n<\/h2>\n<h2 style=%22text-align: center;%22>de la ciudad<\/h2>\n<p>\u00bb content_last_edited=\u00bbon|phone\u00bb _builder_version=\u00bb4.23.1&#8243; _module_preset=\u00bbb327cbe4-b1d5-4b66-ad37-40c8f2f061ba\u00bb header_2_font=\u00bb||||||||\u00bb header_2_text_color=\u00bb#FFFFFF\u00bb header_2_font_size=\u00bb30px\u00bb custom_margin=\u00bb20px||||false|false\u00bb header_2_font_size_tablet=\u00bb32px\u00bb header_2_font_size_phone=\u00bb20px\u00bb header_2_font_size_last_edited=\u00bboff|desktop\u00bb global_colors_info=\u00bb{}\u00bb]\n<h2 style=\"text-align: right;\">Tu hogar al coraz\u00f3n<\/h2>\n<h2 style=\"text-align: right;\">de la ciudad<\/h2>\n[\/et_pb_text][\/et_pb_column][et_pb_column type=\u00bb1_2&#8243; _builder_version=\u00bb4.17.6&#8243; _module_preset=\u00bbdefault\u00bb global_colors_info=\u00bb{}\u00bb][et_pb_button button_url=\u00bbhttps:\/\/engine.witbooking.com\/hotel\/hotelcentre\u00bb button_text=\u00bb\u00a1Reserva ahora!\u00bb button_alignment=\u00bbcenter\u00bb _builder_version=\u00bb4.27.6&#8243; _module_preset=\u00bb3117bc07-6a8a-4679-b3bb-b6ed74b48a2f\u00bb custom_button=\u00bbon\u00bb button_text_size=\u00bb12px\u00bb button_text_color=\u00bb#48918E\u00bb button_bg_color=\u00bb#FFFFFF\u00bb button_border_width=\u00bb0px\u00bb button_border_radius=\u00bb0px\u00bb button_letter_spacing=\u00bb0px\u00bb button_font=\u00bb|700||on|||||\u00bb custom_margin=\u00bb20px||||false|false\u00bb custom_padding=\u00bb16px|24px|16px|24px|true|true\u00bb hover_enabled=\u00bb0&#8243; global_colors_info=\u00bb{}\u00bb sticky_enabled=\u00bb0&#8243;][\/et_pb_button][\/et_pb_column][\/et_pb_row][et_pb_row column_structure=\u00bb1_4,1_2,1_4&#8243; _builder_version=\u00bb4.22.2&#8243; _module_preset=\u00bbdefault\u00bb max_width=\u00bb1400px\u00bb global_colors_info=\u00bb{}\u00bb][et_pb_column type=\u00bb1_4&#8243; _builder_version=\u00bb4.22.2&#8243; _module_preset=\u00bbdefault\u00bb global_colors_info=\u00bb{}\u00bb][et_pb_text _builder_version=\u00bb4.23&#8243; _module_preset=\u00bbb327cbe4-b1d5-4b66-ad37-40c8f2f061ba\u00bb header_2_font=\u00bb|||on|||||\u00bb header_2_text_color=\u00bb#48918E\u00bb custom_margin=\u00bb2px||16px|||\u00bb header_2_font_size_tablet=\u00bb32px\u00bb header_2_font_size_phone=\u00bb20px\u00bb header_2_font_size_last_edited=\u00bboff|desktop\u00bb global_colors_info=\u00bb{}\u00bb]\n<h2>Contacta con nosotros<\/h2>\n[\/et_pb_text][et_pb_text _builder_version=\u00bb4.22.2&#8243; _module_preset=\u00bbb327cbe4-b1d5-4b66-ad37-40c8f2f061ba\u00bb header_2_font=\u00bb|||on|||||\u00bb header_2_text_color=\u00bb#0d232d\u00bb header_2_font_size=\u00bb40px\u00bb header_2_line_height=\u00bb1.15em\u00bb header_2_font_size_tablet=\u00bb32px\u00bb header_2_font_size_phone=\u00bb20px\u00bb header_2_font_size_last_edited=\u00bbon|phone\u00bb locked=\u00bboff\u00bb global_colors_info=\u00bb{}\u00bb]\n<p style=\"text-align: justify;\"><span>En el Hotel Centro Reus, valoramos tu comodidad y satisfacci\u00f3n. Si tienes alguna pregunta, solicitud especial o necesitas informaci\u00f3n adicional, no dudes a ponerte en contacto con nosotros. Nuestro equipo de atenci\u00f3n al cliente est\u00e1 disponible las 24 horas para asistirte y asegurarse que tu estancia sea perfecta en todos los sentidos.<\/span><\/p>\n[\/et_pb_text][et_pb_blurb title=\u00bbC\/ Hospital, 6-8 &#8211; 43201 Reus\u00bb use_icon=\u00bbon\u00bb font_icon=\u00bb&#xf3c5;||fa||900&#8243; icon_color=\u00bb#48918E\u00bb icon_placement=\u00bbleft\u00bb image_icon_width=\u00bb20px\u00bb _builder_version=\u00bb4.22.2&#8243; _module_preset=\u00bbdefault\u00bb header_text_color=\u00bb#48918E\u00bb header_font_size=\u00bb16px\u00bb custom_margin=\u00bb||17px|||\u00bb global_colors_info=\u00bb{}\u00bb][\/et_pb_blurb][et_pb_blurb title=\u00bb+34 977 126 414&#8243; use_icon=\u00bbon\u00bb font_icon=\u00bb&#xf879;||fa||900&#8243; icon_color=\u00bb#48918E\u00bb icon_placement=\u00bbleft\u00bb image_icon_width=\u00bb20px\u00bb _builder_version=\u00bb4.22.2&#8243; _module_preset=\u00bbdefault\u00bb header_text_color=\u00bb#48918E\u00bb header_font_size=\u00bb16px\u00bb custom_margin=\u00bb||20px|||\u00bb global_colors_info=\u00bb{}\u00bb][\/et_pb_blurb][et_pb_blurb title=\u00bb+34 618 777 801&#8243; use_icon=\u00bbon\u00bb font_icon=\u00bb&#xe00b;||divi||400&#8243; icon_color=\u00bb#48918E\u00bb icon_placement=\u00bbleft\u00bb image_icon_width=\u00bb20px\u00bb _builder_version=\u00bb4.22.2&#8243; _module_preset=\u00bbdefault\u00bb header_text_color=\u00bb#48918E\u00bb header_font_size=\u00bb16px\u00bb custom_margin=\u00bb||22px|||\u00bb global_colors_info=\u00bb{}\u00bb][\/et_pb_blurb][et_pb_blurb title=\u00bb info@hotelcentrereus.com \u00bb url=\u00bbmailto:%20info@hotelcentrereus.com\u00bb use_icon=\u00bbon\u00bb font_icon=\u00bb&#xe076;||divi||400&#8243; icon_color=\u00bb#48918E\u00bb image_icon_background_color=\u00bbRGBA(255,255,255,0)\u00bb icon_placement=\u00bbleft\u00bb image_icon_width=\u00bb20px\u00bb _builder_version=\u00bb4.22.2&#8243; _module_preset=\u00bbdefault\u00bb header_text_color=\u00bb#48918E\u00bb header_font_size=\u00bb16px\u00bb global_colors_info=\u00bb{}\u00bb][\/et_pb_blurb][\/et_pb_column][et_pb_column type=\u00bb1_2&#8243; _builder_version=\u00bb4.22.2&#8243; _module_preset=\u00bbdefault\u00bb global_colors_info=\u00bb{}\u00bb][et_pb_contact_form use_spam_service=\u00bbon\u00bb recaptcha_list=\u00bbRecaptcha Hotel|Recaptcha Hotel-0&#8243; email=\u00bbinfo@hotelcentrereus.com\u00bb custom_message=\u00bbNombre: %%Name%%||et_pb_line_break_holder||Tel\u00e9fono: %%Telephone%%||et_pb_line_break_holder||Correo electr\u00f3nico: %%Email%%||et_pb_line_break_holder||Mensaje: %%Message%%\u00bb _builder_version=\u00bb4.27.6&#8243; _module_preset=\u00bbdefault\u00bb _unique_id=\u00bb3b3dc1ec-bc14-4543-9bf9-4202b80877f4&#8243; form_field_background_color=\u00bb#FFFFFF\u00bb form_field_custom_margin=\u00bb||||false|false\u00bb captcha_text_color=\u00bb#000000&#8243; custom_button=\u00bbon\u00bb button_text_color=\u00bb#48918E\u00bb button_bg_color=\u00bb#FFFFFF\u00bb button_border_radius=\u00bb3px\u00bb custom_margin=\u00bb91px|||||\u00bb hover_enabled=\u00bb0&#8243; border_width_all=\u00bb1px\u00bb border_color_all=\u00bb#48918E\u00bb locked=\u00bboff\u00bb global_colors_info=\u00bb{}\u00bb sticky_enabled=\u00bb0&#8243;][et_pb_contact_field field_id=\u00bbName\u00bb field_title=\u00bbNombre\u00bb _builder_version=\u00bb4.27.5&#8243; global_colors_info=\u00bb{}\u00bb button_text_size__hover_enabled=\u00bboff\u00bb button_one_text_size__hover_enabled=\u00bboff\u00bb button_two_text_size__hover_enabled=\u00bboff\u00bb button_text_color__hover_enabled=\u00bboff\u00bb button_one_text_color__hover_enabled=\u00bboff\u00bb button_two_text_color__hover_enabled=\u00bboff\u00bb button_border_width__hover_enabled=\u00bboff\u00bb button_one_border_width__hover_enabled=\u00bboff\u00bb button_two_border_width__hover_enabled=\u00bboff\u00bb button_border_color__hover_enabled=\u00bboff\u00bb button_one_border_color__hover_enabled=\u00bboff\u00bb button_two_border_color__hover_enabled=\u00bboff\u00bb button_border_radius__hover_enabled=\u00bboff\u00bb button_one_border_radius__hover_enabled=\u00bboff\u00bb button_two_border_radius__hover_enabled=\u00bboff\u00bb button_letter_spacing__hover_enabled=\u00bboff\u00bb button_one_letter_spacing__hover_enabled=\u00bboff\u00bb button_two_letter_spacing__hover_enabled=\u00bboff\u00bb button_bg_color__hover_enabled=\u00bboff\u00bb button_one_bg_color__hover_enabled=\u00bboff\u00bb button_two_bg_color__hover_enabled=\u00bboff\u00bb][\/et_pb_contact_field][et_pb_contact_field field_id=\u00bbTelephone\u00bb field_title=\u00bbTel\u00e9fono\u00bb _builder_version=\u00bb4.27.5&#8243; global_colors_info=\u00bb{}\u00bb button_text_size__hover_enabled=\u00bboff\u00bb button_one_text_size__hover_enabled=\u00bboff\u00bb button_two_text_size__hover_enabled=\u00bboff\u00bb button_text_color__hover_enabled=\u00bboff\u00bb button_one_text_color__hover_enabled=\u00bboff\u00bb button_two_text_color__hover_enabled=\u00bboff\u00bb button_border_width__hover_enabled=\u00bboff\u00bb button_one_border_width__hover_enabled=\u00bboff\u00bb button_two_border_width__hover_enabled=\u00bboff\u00bb button_border_color__hover_enabled=\u00bboff\u00bb button_one_border_color__hover_enabled=\u00bboff\u00bb button_two_border_color__hover_enabled=\u00bboff\u00bb button_border_radius__hover_enabled=\u00bboff\u00bb button_one_border_radius__hover_enabled=\u00bboff\u00bb button_two_border_radius__hover_enabled=\u00bboff\u00bb button_letter_spacing__hover_enabled=\u00bboff\u00bb button_one_letter_spacing__hover_enabled=\u00bboff\u00bb button_two_letter_spacing__hover_enabled=\u00bboff\u00bb button_bg_color__hover_enabled=\u00bboff\u00bb button_one_bg_color__hover_enabled=\u00bboff\u00bb button_two_bg_color__hover_enabled=\u00bboff\u00bb][\/et_pb_contact_field][et_pb_contact_field field_id=\u00bbEmail\u00bb field_title=\u00bbCorreo electr\u00f3nico\u00bb field_type=\u00bbemail\u00bb fullwidth_field=\u00bbon\u00bb _builder_version=\u00bb4.27.5&#8243; global_colors_info=\u00bb{}\u00bb button_text_size__hover_enabled=\u00bboff\u00bb button_one_text_size__hover_enabled=\u00bboff\u00bb button_two_text_size__hover_enabled=\u00bboff\u00bb button_text_color__hover_enabled=\u00bboff\u00bb button_one_text_color__hover_enabled=\u00bboff\u00bb button_two_text_color__hover_enabled=\u00bboff\u00bb button_border_width__hover_enabled=\u00bboff\u00bb button_one_border_width__hover_enabled=\u00bboff\u00bb button_two_border_width__hover_enabled=\u00bboff\u00bb button_border_color__hover_enabled=\u00bboff\u00bb button_one_border_color__hover_enabled=\u00bboff\u00bb button_two_border_color__hover_enabled=\u00bboff\u00bb button_border_radius__hover_enabled=\u00bboff\u00bb button_one_border_radius__hover_enabled=\u00bboff\u00bb button_two_border_radius__hover_enabled=\u00bboff\u00bb button_letter_spacing__hover_enabled=\u00bboff\u00bb button_one_letter_spacing__hover_enabled=\u00bboff\u00bb button_two_letter_spacing__hover_enabled=\u00bboff\u00bb button_bg_color__hover_enabled=\u00bboff\u00bb button_one_bg_color__hover_enabled=\u00bboff\u00bb button_two_bg_color__hover_enabled=\u00bboff\u00bb][\/et_pb_contact_field][et_pb_contact_field field_id=\u00bbMessage\u00bb field_title=\u00bbMensaje\u00bb field_type=\u00bbtext\u00bb fullwidth_field=\u00bbon\u00bb _builder_version=\u00bb4.27.5&#8243; global_colors_info=\u00bb{}\u00bb button_text_size__hover_enabled=\u00bboff\u00bb button_one_text_size__hover_enabled=\u00bboff\u00bb button_two_text_size__hover_enabled=\u00bboff\u00bb button_text_color__hover_enabled=\u00bboff\u00bb button_one_text_color__hover_enabled=\u00bboff\u00bb button_two_text_color__hover_enabled=\u00bboff\u00bb button_border_width__hover_enabled=\u00bboff\u00bb button_one_border_width__hover_enabled=\u00bboff\u00bb button_two_border_width__hover_enabled=\u00bboff\u00bb button_border_color__hover_enabled=\u00bboff\u00bb button_one_border_color__hover_enabled=\u00bboff\u00bb button_two_border_color__hover_enabled=\u00bboff\u00bb button_border_radius__hover_enabled=\u00bboff\u00bb button_one_border_radius__hover_enabled=\u00bboff\u00bb button_two_border_radius__hover_enabled=\u00bboff\u00bb button_letter_spacing__hover_enabled=\u00bboff\u00bb button_one_letter_spacing__hover_enabled=\u00bboff\u00bb button_two_letter_spacing__hover_enabled=\u00bboff\u00bb button_bg_color__hover_enabled=\u00bboff\u00bb button_one_bg_color__hover_enabled=\u00bboff\u00bb button_two_bg_color__hover_enabled=\u00bboff\u00bb][\/et_pb_contact_field][\/et_pb_contact_form][\/et_pb_column][et_pb_column type=\u00bb1_4&#8243; _builder_version=\u00bb4.22.2&#8243; _module_preset=\u00bbdefault\u00bb global_colors_info=\u00bb{}\u00bb][et_pb_image src=\u00bbhttps:\/\/hotelcentrereus.com\/wp-content\/uploads\/2023\/10\/logo_ONE.png\u00bb title_text=\u00bblogo_ONE\u00bb align=\u00bbcenter\u00bb _builder_version=\u00bb4.22.2&#8243; _module_preset=\u00bbdefault\u00bb width=\u00bb53%\u00bb custom_padding=\u00bb102px|||||\u00bb global_colors_info=\u00bb{}\u00bb][\/et_pb_image][\/et_pb_column][\/et_pb_row][\/et_pb_section][et_pb_section fb_built=\u00bb1&#8243; fullwidth=\u00bbon\u00bb _builder_version=\u00bb4.22.2&#8243; _module_preset=\u00bbdefault\u00bb global_colors_info=\u00bb{}\u00bb][et_pb_fullwidth_code _builder_version=\u00bb4.22.2&#8243; _module_preset=\u00bbdefault\u00bb global_colors_info=\u00bb{}\u00bb]<iframe src=\"https:\/\/www.google.com\/maps\/embed?pb=!1m18!1m12!1m3!1d1263.0577472503041!2d1.1094229058025042!3d41.15472931469625!2m3!1f0!2f0!3f0!3m2!1i1024!2i768!4f13.1!3m3!1m2!1s0x12a150e2735f4525%3A0x4a9848a00ead3769!2sHotel%20Centre%20Reus!5e0!3m2!1ses!2ses!4v1696519559369!5m2!1ses!2ses\" width=\"1920\" height=\"450\" style=\"border:0;\" allowfullscreen=\"\" loading=\"lazy\" referrerpolicy=\"no-referrer-when-downgrade\"><\/iframe>[\/et_pb_fullwidth_code][\/et_pb_section][et_pb_section fb_built=\u00bb1&#8243; module_id=\u00bbfaqs\u00bb _builder_version=\u00bb4.22.2&#8243; _module_preset=\u00bbdefault\u00bb custom_padding=\u00bb0px||0px|||\u00bb global_colors_info=\u00bb{}\u00bb][et_pb_row _builder_version=\u00bb4.22.2&#8243; _module_preset=\u00bbdefault\u00bb custom_padding=\u00bb88px|||||\u00bb global_colors_info=\u00bb{}\u00bb][et_pb_column type=\u00bb4_4&#8243; _builder_version=\u00bb4.22.2&#8243; _module_preset=\u00bbdefault\u00bb global_colors_info=\u00bb{}\u00bb][et_pb_text _builder_version=\u00bb4.22.2&#8243; _module_preset=\u00bbb327cbe4-b1d5-4b66-ad37-40c8f2f061ba\u00bb header_2_font=\u00bb|||on|||||\u00bb header_2_text_color=\u00bb#0d232d\u00bb header_2_font_size=\u00bb40px\u00bb header_2_line_height=\u00bb1.15em\u00bb custom_margin=\u00bb||37px|||\u00bb header_2_font_size_tablet=\u00bb32px\u00bb header_2_font_size_phone=\u00bb20px\u00bb header_2_font_size_last_edited=\u00bbon|phone\u00bb locked=\u00bboff\u00bb global_colors_info=\u00bb{}\u00bb]\n<h2 style=\"text-align: justify;\">Preguntas Frecuentes (FAQs)<\/h2>\n<p style=\"text-align: justify;\"><span>En el Hotel Centre Reus, queremos brindarte toda la informaci\u00f3n que necesitas para que tu estancia sea perfecta. Aqu\u00ed encontrar\u00e1s respuestas en algunas de las preguntas m\u00e1s comunes que nuestros hu\u00e9spedes suelen hacer. Si tienes alguna pregunta adicional o necesitas m\u00e1s detalles, no dudes a ponerte en contacto con nuestro equipo de atenci\u00f3n al cliente, somos aqu\u00ed para ayudarte!<\/span><\/p>\n[\/et_pb_text][et_pb_divider _builder_version=\u00bb4.22.2&#8243; _module_preset=\u00bbdefault\u00bb global_colors_info=\u00bb{}\u00bb][\/et_pb_divider][et_pb_accordion open_toggle_text_color=\u00bb#48918E\u00bb closed_toggle_background_color=\u00bb#48918E\u00bb icon_color=\u00bb#FFFFFF\u00bb _builder_version=\u00bb4.26.0&#8243; _module_preset=\u00bbdefault\u00bb toggle_text_color=\u00bb#FFFFFF\u00bb global_colors_info=\u00bb{}\u00bb][et_pb_accordion_item title=\u00bb CHECK-IN\u00bb open=\u00bbon\u00bb _builder_version=\u00bb4.22.2&#8243; _module_preset=\u00bbdefault\u00bb global_colors_info=\u00bb{}\u00bb]\n<p style=\"text-align: justify;\"><span>El Check-in es a partir de las 15.00 h del d\u00eda de su llegada. Antes de esta hora es posible depositar su equipaje en nuestra consigna. Las habitaciones no estar\u00e1n disponibles antes de esta hora, sin embargo, dependiendo de la disponibilidad, el hotel tratar\u00e1 de asignar las habitaciones antes de la hora de entrada ya establecida en caso de ser solicitada.<\/span><\/p>\n<p style=\"text-align: justify;\"><span>El cliente tendr\u00e1 que presentar en recepci\u00f3n la documentaci\u00f3n de identidad de todos los hu\u00e9spedes que desean alojarse en el hotel. As\u00ed mismo, se tendr\u00e1 que abonar la estancia en el momento del Check-in\u00a0salvo que est\u00e9 previamente cobrada y tendr\u00e1 que presentar una tarjeta de cr\u00e9dito como dep\u00f3sito de la reserva. La tarjeta tiene que ser v\u00e1lida porque se comprobar\u00e1 (pre-autorizaci\u00f3n de la tarjeta) y si resulta ser no v\u00e1lida, se proceder\u00e1 a cancelar la reserva. Aceptamos los siguientes tipos de tarjeta de cr\u00e9dito: American Express, Visa, Euro\/Mastercard, Dinero Club, Maestro, Red 6000.<\/span><\/p>\n<p style=\"text-align: justify;\"><span>Toda la informaci\u00f3n personal recogida en el momento del Check-in queda protegida bajo la Ley de protecci\u00f3n de datos (m\u00e1s informaci\u00f3n sobre el RGPD 2016\/679 en el Welcome que se proporciona en la entrada).<\/span><\/p>\n[\/et_pb_accordion_item][et_pb_accordion_item title=\u00bb CHECK-OUT\u00bb _builder_version=\u00bb4.26.0&#8243; _module_preset=\u00bbdefault\u00bb global_colors_info=\u00bb{}\u00bb open=\u00bboff\u00bb]\n<div>\n<div class=\"WordSection1\">\n<div>El\u00a0Check-out\u00a0se tiene que realizar como m\u00e1ximo hasta las 12.00 h del d\u00eda de su salida.\u00a0<o:p><\/o:p><\/div>\n<div><\/div>\n<div>Se tendr\u00e1 que abonar cualquier extra que haya sido cargado en su habitaci\u00f3n durante la estancia. En el supuesto de que el cliente no pase por recepci\u00f3n, estos extras ser\u00e1n cargados a la tarjeta de cr\u00e9dito que dej\u00f3 como garant\u00eda durante su registro.<\/div>\n<\/div>\n<\/div>\n[\/et_pb_accordion_item][et_pb_accordion_item title=\u00bbLATE CHECK-OUT\u00bb _builder_version=\u00bb4.26.0&#8243; _module_preset=\u00bbdefault\u00bb global_colors_info=\u00bb{}\u00bb open=\u00bboff\u00bb]\n<div class=\"WordSection1\">\n<div>Servicio sujeto a disponibilidad del hotel.<o:p><\/o:p><\/div>\n<div><\/div>\n<div>El pago de dicho servicio se realizar\u00e1 en el momento de solicitarlo.<o:p><\/o:p><\/div>\n<div><\/div>\n<div>Hasta las 15:00h el hotel cobrar\u00e1 el servicio de salida retardada del 50% del precio de la habitaci\u00f3n. <o:p><\/o:p>A partir de las 15:00 h se cobrar\u00e1 el importe de una noche extra.<o:p><\/o:p><\/div>\n<\/div>\n[\/et_pb_accordion_item][et_pb_accordion_item title=\u00bb SERVICIO DE PRE-RESERVA\u00bb _builder_version=\u00bb4.22.2&#8243; _module_preset=\u00bbdefault\u00bb global_colors_info=\u00bb{}\u00bb open=\u00bboff\u00bb]\n<ul>\n<li style=\"text-align: justify;\"><span><strong>Procedimiento de contrataci\u00f3n:<\/strong> la reserva se podr\u00e1 realizar tanto en l\u00ednea como por tel\u00e9fono, correo electr\u00f3nico y\/o directamente con la recepci\u00f3n del hotel. La utilizaci\u00f3n de estos servicios supone la aceptaci\u00f3n llena de todos los t\u00e9rminos y condiciones generales (autom\u00e1ticamente incorporadas en el contrato que firma el cliente en su entrada y habiendo sido informado con antelaci\u00f3n durante la pre-reserva).<\/span><\/li>\n<li style=\"text-align: justify;\"><span><strong>Confirmaci\u00f3n de su reserva:<\/strong> al utilizar el servicio el usuario recibir\u00e1 un e-mail de confirmaci\u00f3n en el cual se incluir\u00e1 la informaci\u00f3n de su reserva y algunas de las condiciones generales m\u00e1s importantes. Este e-mail le servir\u00e1 como comprobante de su reserva. El titular de la tarjeta de cr\u00e9dito utilizada para reservar tiene que corresponder al hu\u00e9sped que se aloja en el establecimiento. La tarjeta de cr\u00e9dito utilizada en la reserva se solicitar\u00e1 a la llegada para verificar que los datos proporcionados sean correctos. El titular de la tarjeta de cr\u00e9dito tendr\u00e1 que ser presente en este momento.<\/span><\/li>\n<li style=\"text-align: justify;\"><span><strong>Garant\u00eda:<\/strong> la reserva queda confirmada y garantizada toda la noche con tarjeta de cr\u00e9dito. En caso de no presentarse en el hotel sin previo aviso, se proceder\u00e1 a cobrar la estancia completa de la reserva (IVA y tasas incluidas).<\/span><\/li>\n<li style=\"text-align: justify;\"><span><strong>Cancelaciones fuera de plazo:<\/strong> en caso de cancelaci\u00f3n fuera del plazo se proceder\u00e1 al cargo de la primera noche de la reserva (IVA y tasas incluidas).<\/span><\/li>\n<\/ul>\n[\/et_pb_accordion_item][et_pb_accordion_item title=\u00bbOTRAS PREGUNTAS QUE NOS REALIZAN NUESTROS CLIENTES\u00bb _builder_version=\u00bb4.22.2&#8243; _module_preset=\u00bbdefault\u00bb global_colors_info=\u00bb{}\u00bb open=\u00bboff\u00bb]\n<div class=\"elementor-element elementor-element-77527c6 elementor-widget elementor-widget-text-editor\" data-id=\"77527c6\" data-element_type=\"widget\" data-widget_type=\"text-editor.default\">\n<div class=\"elementor-widget-container\">\n<ul>\n<li><span><strong>\u00bfQu\u00e9 es la tasa tur\u00edstica?<\/strong> La tasa tur\u00edstica es un impuesto que muchas ciudades europeas han instaurado en las \u00faltimas d\u00e9cadas. Este impuesto se aplica a cada viajero. Una tasa que tendr\u00e1 que abonar cuando visita y se aloja en el hotel de una de estas ciudades. \u00a0Los menores de 16 a\u00f1os no pagan la tasa. Solo se paga durante las 7 primeras noches.<\/span><\/li>\n<li><span><strong>\u00bfPuedo reservar habitaciones individuales en este hotel?<\/strong> De momento solo disponemos de habitaciones dobles al Hotel Centre y es por eso que no se aplica ninguna tarifa especial en caso de alojarse una sola persona. Solo se descuenta en este caso, la tasa y el almuerzo en caso de estar incluido, que s\u00ed que se cobra por persona.<\/span><\/li>\n<li><span><strong>\u00bfDispone el hotel de servicio de lavander\u00eda para hu\u00e9spedes?<\/strong> No.<\/span><\/li>\n<li><span><strong>\u00bfDispone de ba\u00f1era en las habitaciones?<\/strong> No. Todas las habitaciones est\u00e1n equipadas con plato de ducha. En caso de necesitar gorros de ducha, se tendr\u00e9is que poner en contacto con la recepci\u00f3n del hotel.<\/span><\/li>\n<li><strong>\u00bfDispone de servicio de Minibar?<\/strong><span> No. De momento, a causa del COVID-19, se ha retirado lo <\/span><span>Minibar<\/span><span> de las habitaciones. Contin\u00faa disponiendo de nevera propia en cada habitaci\u00f3n.<\/span><\/li>\n<li><span><strong>\u00bfDispone este hotel de restaurante propio?<\/strong> No. Es por eso que no existen las medias pensiones ni pensiones completas de momento.<\/span><\/li>\n<li><span><strong>\u00bfEl desayuno se puede incluir en la reserva del alojamiento?<\/strong> S\u00ed. Lo el almuerzo se cobra aparte por un precio de 14\u20ac\/persona.<\/span><\/li>\n<li><span><strong>\u00bfQu\u00e9 tipo de desayuno se sirve hoy en d\u00eda?<\/strong> Es un tipo de almorzar continental.<\/span><\/li>\n<li><strong>\u00bfEst\u00e1 abierta la azotea\/terraza chill-out<\/strong><span><strong> del hotel?<\/strong> Hoy en d\u00eda el acceso a la terraza\/<\/span><span>chill-out<\/span><span> es exclusivamente desde el restaurante C\u00e8ntric, situado en la misma fachada del Hotel (C\/del Mar 34). Para mayor informaci\u00f3n sobre horarios y aperturas pregunten a nuestro personal.<\/span><\/li>\n<li><span><strong>\u00bfSe realizan descuentos para empresas y grupos?<\/strong> S\u00ed. Para cualquier cuesti\u00f3n de este tipo, contacte directamente con el hotel y nuestro personal le atender\u00e1 personalmente.<\/span><\/li>\n<li><span><strong>\u00bfEl hotel dispone de consigna para dejar el equipaje?<\/strong> S\u00ed, est\u00e1 situada en recepci\u00f3n. Nuestro personal lo ayudar\u00e1 con esta cuesti\u00f3n.<\/span><\/li>\n<li><span><strong>\u00bfPara que sirve la m\u00e1quina situada en la entrada?<\/strong> Es una m\u00e1quina de <\/span><span>check-in<\/span><span>\u00a0autom\u00e1tico que se utiliza sobre todo cuando no hay personal de recepci\u00f3n f\u00edsicamente. M\u00e1s informaci\u00f3n en AUTO\u00a0<\/span><span>CHECK-IN<\/span><span>.<\/span><\/li>\n<\/ul>\n<\/div>\n<\/div>\n[\/et_pb_accordion_item][\/et_pb_accordion][\/et_pb_column][\/et_pb_row][\/et_pb_section][et_pb_section fb_built=\u00bb1&#8243; specialty=\u00bbon\u00bb module_id=\u00bbparking\u00bb _builder_version=\u00bb4.22.2&#8243; _module_preset=\u00bbdefault\u00bb custom_padding=\u00bb0px|||||\u00bb global_colors_info=\u00bb{}\u00bb][et_pb_column type=\u00bb1_2&#8243; specialty_columns=\u00bb2&#8243; _builder_version=\u00bb4.16&#8243; custom_padding=\u00bb|||\u00bb global_colors_info=\u00bb{}\u00bb custom_padding__hover=\u00bb|||\u00bb][et_pb_row_inner _builder_version=\u00bb4.22.2&#8243; _module_preset=\u00bbdefault\u00bb custom_padding=\u00bb||1px|||\u00bb global_colors_info=\u00bb{}\u00bb][et_pb_column_inner saved_specialty_column_type=\u00bb1_2&#8243; _builder_version=\u00bb4.22.2&#8243; _module_preset=\u00bbdefault\u00bb global_colors_info=\u00bb{}\u00bb][et_pb_text _builder_version=\u00bb4.22.2&#8243; _module_preset=\u00bbb327cbe4-b1d5-4b66-ad37-40c8f2f061ba\u00bb header_2_font=\u00bb|||on|||||\u00bb header_2_text_color=\u00bb#0d232d\u00bb header_2_font_size=\u00bb40px\u00bb header_2_line_height=\u00bb1.15em\u00bb header_6_text_color=\u00bb#48918E\u00bb custom_margin=\u00bb||0px|||\u00bb custom_padding=\u00bb0px|||||\u00bb header_2_font_size_tablet=\u00bb32px\u00bb header_2_font_size_phone=\u00bb20px\u00bb header_2_font_size_last_edited=\u00bbon|phone\u00bb locked=\u00bboff\u00bb global_colors_info=\u00bb{}\u00bb]\n<h2 style=\"text-align: justify;\">\u00bfD\u00d3NDE aparcar?<\/h2>\n<h6 style=\"text-align: justify;\"><span>Aqu\u00ed os mostramos alguna de las mejores opciones tanto por proximidad como por precio.<\/span><\/h6>\n<p style=\"text-align: justify;\"><span>Nuestro hotel est\u00e1 situado en el centro de nuestra ciudad REUS, en una calle peatonal. Por esta raz\u00f3n, estamos rodeados de diferentes opciones de aparcamiento, ya sean <\/span><span>parquings<\/span><span>p\u00fablicos, privados o zona azul.<\/span><\/p>\n<p style=\"text-align: justify;\"><span>En este mapa interactivo os indicamos los 5 opciones de <\/span><span>parquings<\/span><span> m\u00e1s pr\u00f3ximas en nuestro hotel.<\/span><\/p>\n<p style=\"text-align: justify;\"><span>Si desea acceder a un plan completo de las opciones de <\/span><span>parquings<\/span><span> de REUS, siga este enlace.<\/span><\/p>\n[\/et_pb_text][\/et_pb_column_inner][\/et_pb_row_inner][et_pb_row_inner column_structure=\u00bb1_3,1_3,1_3&#8243; _builder_version=\u00bb4.22.2&#8243; _module_preset=\u00bbdefault\u00bb custom_padding=\u00bb||2px|||\u00bb global_colors_info=\u00bb{}\u00bb][et_pb_column_inner type=\u00bb1_3&#8243; saved_specialty_column_type=\u00bb1_2&#8243; _builder_version=\u00bb4.22.2&#8243; _module_preset=\u00bbdefault\u00bb global_colors_info=\u00bb{}\u00bb][et_pb_button button_url=\u00bbhttps:\/\/maps.app.goo.gl\/dfSBEgUq4dsFNtga8&#8243; url_new_window=\u00bbon\u00bb button_text=\u00bbParking Simonet\u00bb button_alignment=\u00bbcenter\u00bb _builder_version=\u00bb4.22.2&#8243; _module_preset=\u00bb31b4f027-aaa0-4f2f-ae02-959764e19e4f\u00bb custom_button=\u00bbon\u00bb button_text_size=\u00bb12px\u00bb button_text_color=\u00bb#FFFFFF\u00bb button_bg_color=\u00bb#48918E\u00bb button_border_width=\u00bb0px\u00bb button_border_radius=\u00bb0px\u00bb button_letter_spacing=\u00bb0px\u00bb button_font=\u00bb|700||on|||||\u00bb custom_padding=\u00bb16px|24px|16px|24px|true|true\u00bb locked=\u00bboff\u00bb global_colors_info=\u00bb{}\u00bb][\/et_pb_button][\/et_pb_column_inner][et_pb_column_inner type=\u00bb1_3&#8243; saved_specialty_column_type=\u00bb1_2&#8243; _builder_version=\u00bb4.22.2&#8243; _module_preset=\u00bbdefault\u00bb global_colors_info=\u00bb{}\u00bb][et_pb_button button_url=\u00bbhttps:\/\/maps.app.goo.gl\/CiUhSU7jG62JQ3yb9&#8243; url_new_window=\u00bbon\u00bb button_text=\u00bbParking Prim\u00bb button_alignment=\u00bbcenter\u00bb _builder_version=\u00bb4.22.2&#8243; _module_preset=\u00bb31b4f027-aaa0-4f2f-ae02-959764e19e4f\u00bb custom_button=\u00bbon\u00bb button_text_size=\u00bb12px\u00bb button_text_color=\u00bb#FFFFFF\u00bb button_bg_color=\u00bb#48918E\u00bb button_border_width=\u00bb0px\u00bb button_border_radius=\u00bb0px\u00bb button_letter_spacing=\u00bb0px\u00bb button_font=\u00bb|700||on|||||\u00bb custom_padding=\u00bb16px|24px|16px|24px|true|true\u00bb locked=\u00bboff\u00bb global_colors_info=\u00bb{}\u00bb][\/et_pb_button][\/et_pb_column_inner][et_pb_column_inner type=\u00bb1_3&#8243; saved_specialty_column_type=\u00bb1_2&#8243; _builder_version=\u00bb4.22.2&#8243; _module_preset=\u00bbdefault\u00bb global_colors_info=\u00bb{}\u00bb][et_pb_button button_url=\u00bbhttps:\/\/maps.app.goo.gl\/zoWRns3MkSDhKMDf7&#8243; url_new_window=\u00bbon\u00bb button_text=\u00bbParking Pallol\u00bb button_alignment=\u00bbcenter\u00bb _builder_version=\u00bb4.22.2&#8243; _module_preset=\u00bb31b4f027-aaa0-4f2f-ae02-959764e19e4f\u00bb custom_button=\u00bbon\u00bb button_text_size=\u00bb12px\u00bb button_text_color=\u00bb#FFFFFF\u00bb button_bg_color=\u00bb#48918E\u00bb button_border_width=\u00bb0px\u00bb button_border_radius=\u00bb0px\u00bb button_letter_spacing=\u00bb0px\u00bb button_font=\u00bb|700||on|||||\u00bb custom_padding=\u00bb16px|24px|16px|24px|true|true\u00bb locked=\u00bboff\u00bb global_colors_info=\u00bb{}\u00bb][\/et_pb_button][\/et_pb_column_inner][\/et_pb_row_inner][et_pb_row_inner column_structure=\u00bb1_2,1_2&#8243; _builder_version=\u00bb4.27.6&#8243; _module_preset=\u00bbdefault\u00bb width=\u00bb75%\u00bb module_alignment=\u00bbcenter\u00bb global_colors_info=\u00bb{}\u00bb][et_pb_column_inner type=\u00bb1_2&#8243; saved_specialty_column_type=\u00bb1_2&#8243; _builder_version=\u00bb4.22.2&#8243; _module_preset=\u00bbdefault\u00bb global_colors_info=\u00bb{}\u00bb][et_pb_button button_url=\u00bbhttps:\/\/maps.app.goo.gl\/W3wmR1HS67fpqsgp7&#8243; url_new_window=\u00bbon\u00bb button_text=\u00bbparking baluard\u00bb button_alignment=\u00bbcenter\u00bb _builder_version=\u00bb4.22.2&#8243; _module_preset=\u00bb31b4f027-aaa0-4f2f-ae02-959764e19e4f\u00bb custom_button=\u00bbon\u00bb button_text_size=\u00bb12px\u00bb button_text_color=\u00bb#FFFFFF\u00bb button_bg_color=\u00bb#48918E\u00bb button_border_width=\u00bb0px\u00bb button_border_radius=\u00bb0px\u00bb button_letter_spacing=\u00bb0px\u00bb button_font=\u00bb|700||on|||||\u00bb custom_padding=\u00bb16px|24px|16px|24px|true|true\u00bb locked=\u00bboff\u00bb global_colors_info=\u00bb{}\u00bb][\/et_pb_button][\/et_pb_column_inner][et_pb_column_inner type=\u00bb1_2&#8243; saved_specialty_column_type=\u00bb1_2&#8243; _builder_version=\u00bb4.22.2&#8243; _module_preset=\u00bbdefault\u00bb global_colors_info=\u00bb{}\u00bb][et_pb_button button_url=\u00bbhttps:\/\/maps.app.goo.gl\/cYDJSeQu6jWbfyB16&#8243; url_new_window=\u00bbon\u00bb button_text=\u00bbParking llibertat\u00bb button_alignment=\u00bbcenter\u00bb _builder_version=\u00bb4.22.2&#8243; _module_preset=\u00bb31b4f027-aaa0-4f2f-ae02-959764e19e4f\u00bb custom_button=\u00bbon\u00bb button_text_size=\u00bb12px\u00bb button_text_color=\u00bb#FFFFFF\u00bb button_bg_color=\u00bb#48918E\u00bb button_border_width=\u00bb0px\u00bb button_border_radius=\u00bb0px\u00bb button_letter_spacing=\u00bb0px\u00bb button_font=\u00bb|700||on|||||\u00bb custom_padding=\u00bb16px|24px|16px|24px|true|true\u00bb locked=\u00bboff\u00bb global_colors_info=\u00bb{}\u00bb][\/et_pb_button][\/et_pb_column_inner][\/et_pb_row_inner][et_pb_row_inner _builder_version=\u00bb4.27.6&#8243; _module_preset=\u00bbdefault\u00bb custom_padding=\u00bb0px||0px||false|false\u00bb global_colors_info=\u00bb{}\u00bb][et_pb_column_inner saved_specialty_column_type=\u00bb1_2&#8243; _builder_version=\u00bb4.27.6&#8243; _module_preset=\u00bbdefault\u00bb global_colors_info=\u00bb{}\u00bb][et_pb_button button_url=\u00bbhttps:\/\/hotelcentrereus.com\/wp-content\/uploads\/2026\/04\/APARCAMIENTOS.pdf\u00bb url_new_window=\u00bbon\u00bb button_text=\u00bbDESC\u00c1RGATE EL RECORRIDO\u00bb button_alignment=\u00bbcenter\u00bb _builder_version=\u00bb4.27.6&#8243; _module_preset=\u00bbdefault\u00bb custom_button=\u00bbon\u00bb button_text_size=\u00bb14px\u00bb button_font=\u00bb|700|||||||\u00bb custom_padding=\u00bb15px|20px|15px|20px|true|true\u00bb global_colors_info=\u00bb{}\u00bb button_bg_color__hover_enabled=\u00bbon|hover\u00bb button_bg_color__hover=\u00bb#48918E\u00bb button_bg_enable_color__hover=\u00bbon\u00bb button_text_color__hover_enabled=\u00bbon|hover\u00bb button_text_color__hover=\u00bb#FFFFFF\u00bb button_border_width__hover_enabled=\u00bbon|hover\u00bb][\/et_pb_button][\/et_pb_column_inner][\/et_pb_row_inner][\/et_pb_column][et_pb_column type=\u00bb1_2&#8243; _builder_version=\u00bb4.16&#8243; custom_padding=\u00bb|||\u00bb global_colors_info=\u00bb{}\u00bb custom_padding__hover=\u00bb|||\u00bb][et_pb_code _builder_version=\u00bb4.27.6&#8243; _module_preset=\u00bbdefault\u00bb global_colors_info=\u00bb{}\u00bb]<iframe loading=\"lazy\" src=\"https:\/\/www.google.com\/maps\/d\/embed?mid=1MwkIJpVXzHuJv00H106_Q1B63IeCf4c&#038;ehbc=2E312F\" width=\"640\" height=\"600\"><\/iframe>[\/et_pb_code][\/et_pb_column][\/et_pb_section][et_pb_section fb_built=\u00bb1&#8243; custom_padding_last_edited=\u00bbon|phone\u00bb admin_label=\u00bbCall to Action\u00bb _builder_version=\u00bb4.22.2&#8243; _module_preset=\u00bbdefault\u00bb background_color=\u00bb#FFFFFF\u00bb use_background_color_gradient=\u00bbon\u00bb background_color_gradient_stops=\u00bb#ffffff 1%|rgba(243,238,232,0) 100%\u00bb background_color_gradient_overlays_image=\u00bbon\u00bb background_image=\u00bbhttps:\/\/hotelcentrereus.com\/wp-content\/uploads\/2023\/10\/IMG_0044.jpg\u00bb custom_padding=\u00bb10%||10%||true|false\u00bb custom_padding_tablet=\u00bb40%||40%||false|false\u00bb custom_padding_phone=\u00bb||0%||false|false\u00bb collapsed=\u00bbon\u00bb global_colors_info=\u00bb{}\u00bb][et_pb_row _builder_version=\u00bb4.17.6&#8243; _module_preset=\u00bbdefault\u00bb global_colors_info=\u00bb{}\u00bb][et_pb_column type=\u00bb4_4&#8243; _builder_version=\u00bb4.17.6&#8243; _module_preset=\u00bbdefault\u00bb global_colors_info=\u00bb{}\u00bb][et_pb_text _builder_version=\u00bb4.22.2&#8243; _module_preset=\u00bbcd2a4f54-9dd5-4b81-94d9-ec2d214579c1&#8243; header_2_font=\u00bb|700||on|||||\u00bb header_2_text_color=\u00bb#48918E\u00bb header_2_font_size=\u00bb150px\u00bb header_2_line_height=\u00bb1.15em\u00bb text_orientation=\u00bbcenter\u00bb custom_margin=\u00bb||0px||false|false\u00bb header_2_font_size_tablet=\u00bb50px\u00bb header_2_font_size_phone=\u00bb30px\u00bb header_2_font_size_last_edited=\u00bbon|phone\u00bb global_colors_info=\u00bb{}\u00bb]\n<h2>COMODIDAD Y<\/h2>\n[\/et_pb_text][et_pb_text _builder_version=\u00bb4.22.2&#8243; _module_preset=\u00bbcd2a4f54-9dd5-4b81-94d9-ec2d214579c1&#8243; header_2_font=\u00bb|700||on|||||\u00bb header_2_text_color=\u00bb#48918E\u00bb header_2_font_size=\u00bb150px\u00bb header_2_line_height=\u00bb1.15em\u00bb text_orientation=\u00bbcenter\u00bb custom_margin=\u00bb||0px||false|false\u00bb header_2_font_size_tablet=\u00bb50px\u00bb header_2_font_size_phone=\u00bb30px\u00bb header_2_font_size_last_edited=\u00bbon|phone\u00bb global_colors_info=\u00bb{}\u00bb]\n<h2>exceLEncia<\/h2>\n[\/et_pb_text][et_pb_text _builder_version=\u00bb4.17.6&#8243; _module_preset=\u00bbcd2a4f54-9dd5-4b81-94d9-ec2d214579c1&#8243; header_2_font=\u00bbRoboto Condensed|300||on|||||\u00bb header_2_text_color=\u00bb#0D232D\u00bb header_2_font_size=\u00bb150px\u00bb header_2_line_height=\u00bb1.15em\u00bb text_orientation=\u00bbcenter\u00bb custom_margin=\u00bb||0px||false|false\u00bb header_2_font_size_tablet=\u00bb50px\u00bb header_2_font_size_phone=\u00bb30px\u00bb header_2_font_size_last_edited=\u00bbon|phone\u00bb global_colors_info=\u00bb{}\u00bb][\/et_pb_text][\/et_pb_column][\/et_pb_row][\/et_pb_section][et_pb_section fb_built=\u00bb1&#8243; admin_label=\u00bbFooter\u00bb _builder_version=\u00bb4.22.2&#8243; _module_preset=\u00bbdefault\u00bb background_color=\u00bb#48918E\u00bb custom_padding=\u00bb43px||7px|||\u00bb top_divider_color=\u00bb#FFFFFF\u00bb top_divider_repeat=\u00bb1x\u00bb top_divider_arrangement=\u00bbabove_content\u00bb saved_tabs=\u00bball\u00bb collapsed=\u00bbon\u00bb global_colors_info=\u00bb{}\u00bb][et_pb_row column_structure=\u00bb1_2,1_2&#8243; _builder_version=\u00bb4.22.2&#8243; _module_preset=\u00bbdefault\u00bb global_colors_info=\u00bb{}\u00bb][et_pb_column type=\u00bb1_2&#8243; _builder_version=\u00bb4.22.2&#8243; _module_preset=\u00bbdefault\u00bb global_colors_info=\u00bb{}\u00bb][et_pb_blurb title=\u00bbHORARIO RECEPCI\u00d3N HOTEL\u00bb use_icon=\u00bbon\u00bb font_icon=\u00bb&#xf017;||fa||400&#8243; icon_color=\u00bb#FFFFFF\u00bb icon_placement=\u00bbleft\u00bb _builder_version=\u00bb4.23&#8243; _module_preset=\u00bbdefault\u00bb header_text_color=\u00bb#FFFFFF\u00bb body_text_color=\u00bb#FFFFFF\u00bb module_alignment=\u00bbcenter\u00bb global_colors_info=\u00bb{}\u00bb]\n<p>Todos los d\u00edas de 7h a 23h<\/p>\n[\/et_pb_blurb][\/et_pb_column][et_pb_column type=\u00bb1_2&#8243; _builder_version=\u00bb4.22.2&#8243; _module_preset=\u00bbdefault\u00bb global_colors_info=\u00bb{}\u00bb][et_pb_blurb title=\u00bbHORARIO CHECK IN\/OUT\u00bb use_icon=\u00bbon\u00bb font_icon=\u00bb&#xf52b;||fa||900&#8243; icon_color=\u00bb#FFFFFF\u00bb icon_placement=\u00bbleft\u00bb _builder_version=\u00bb4.23&#8243; _module_preset=\u00bbdefault\u00bb header_text_color=\u00bb#FFFFFF\u00bb body_text_color=\u00bb#FFFFFF\u00bb global_colors_info=\u00bb{}\u00bb]\n<p><strong>CHECK IN:<\/strong> 15:00 h.\u00a0\u00a0 &#8211; \u00a0 <strong>CHECK OUT:<\/strong> 12:00 h.<\/p>\n[\/et_pb_blurb][\/et_pb_column][\/et_pb_row][et_pb_row _builder_version=\u00bb4.22.2&#8243; _module_preset=\u00bbdefault\u00bb global_colors_info=\u00bb{}\u00bb][et_pb_column type=\u00bb4_4&#8243; _builder_version=\u00bb4.22.2&#8243; _module_preset=\u00bbdefault\u00bb global_colors_info=\u00bb{}\u00bb][et_pb_divider color=\u00bb#FFFFFF\u00bb _builder_version=\u00bb4.22.2&#8243; _module_preset=\u00bbdefault\u00bb global_colors_info=\u00bb{}\u00bb][\/et_pb_divider][et_pb_menu menu_id=\u00bb4&#8243; menu_style=\u00bbcentered\u00bb submenu_direction=\u00bbupwards\u00bb active_link_color=\u00bb#FFFFFF\u00bb _builder_version=\u00bb4.22.2&#8243; _module_preset=\u00bbdefault\u00bb menu_text_color=\u00bb#FFFFFF\u00bb background_color=\u00bb#48918E\u00bb global_colors_info=\u00bb{}\u00bb][\/et_pb_menu][\/et_pb_column][\/et_pb_row][\/et_pb_section]\n","protected":false},"excerpt":{"rendered":"<p>Tu hogar al coraz\u00f3n de la ciudadTu hogar al coraz\u00f3n de la ciudadContacta con nosotrosEn el Hotel Centro Reus, valoramos tu comodidad y satisfacci\u00f3n. Si tienes alguna pregunta, solicitud especial o necesitas informaci\u00f3n adicional, no dudes a ponerte en contacto con nosotros. Nuestro equipo de atenci\u00f3n al cliente est\u00e1 disponible las 24 horas para asistirte [&hellip;]<\/p>\n","protected":false},"author":1,"featured_media":0,"parent":0,"menu_order":0,"comment_status":"closed","ping_status":"closed","template":"","meta":{"_et_pb_use_builder":"on","_et_pb_old_content":"","_et_gb_content_width":"","footnotes":""},"class_list":["post-46","page","type-page","status-publish","hentry"],"yoast_head":"<!-- This site is optimized with the Yoast SEO plugin v26.7 - https:\/\/yoast.com\/wordpress\/plugins\/seo\/ -->\n<title>CONTACTO - Hotel Centre Reus - Hotels One<\/title>\n<meta name=\"description\" content=\"Si tienes alguna pregunta, solicitud especial o necesitas informaci\u00f3n adicional, no dudes a ponerte en contacto con nosotros.\" \/>\n<meta name=\"robots\" content=\"index, follow, max-snippet:-1, max-image-preview:large, max-video-preview:-1\" \/>\n<link rel=\"canonical\" href=\"https:\/\/hotelcentrereus.com\/es\/contacto\/\" \/>\n<meta property=\"og:locale\" content=\"es_ES\" \/>\n<meta property=\"og:type\" content=\"article\" \/>\n<meta property=\"og:title\" content=\"CONTACTO - Hotel Centre Reus - Hotels One\" \/>\n<meta property=\"og:description\" content=\"Si tienes alguna pregunta, solicitud especial o necesitas informaci\u00f3n adicional, no dudes a ponerte en contacto con nosotros.\" \/>\n<meta property=\"og:url\" content=\"https:\/\/hotelcentrereus.com\/es\/contacto\/\" \/>\n<meta property=\"og:site_name\" content=\"Hotel Centre Reus - Hotels One\" \/>\n<meta property=\"article:publisher\" content=\"https:\/\/www.facebook.com\/hotelcentrereus2015\" \/>\n<meta property=\"article:modified_time\" content=\"2026-04-27T07:17:58+00:00\" \/>\n<meta property=\"og:image\" content=\"https:\/\/hotelcentrereus.com\/wp-content\/uploads\/2024\/04\/IMG_0045_1-997x1024.png\" \/>\n\t<meta property=\"og:image:width\" content=\"997\" \/>\n\t<meta property=\"og:image:height\" content=\"1024\" \/>\n\t<meta property=\"og:image:type\" content=\"image\/png\" \/>\n<meta name=\"twitter:label1\" content=\"Tiempo de lectura\" \/>\n\t<meta name=\"twitter:data1\" content=\"9 minutos\" \/>\n<script type=\"application\/ld+json\" class=\"yoast-schema-graph\">{\"@context\":\"https:\/\/schema.org\",\"@graph\":[{\"@type\":\"WebPage\",\"@id\":\"https:\/\/hotelcentrereus.com\/es\/contacto\/\",\"url\":\"https:\/\/hotelcentrereus.com\/es\/contacto\/\",\"name\":\"CONTACTO - Hotel Centre Reus - Hotels One\",\"isPartOf\":{\"@id\":\"https:\/\/hotelcentrereus.com\/#website\"},\"datePublished\":\"2023-09-26T17:34:48+00:00\",\"dateModified\":\"2026-04-27T07:17:58+00:00\",\"description\":\"Si tienes alguna pregunta, solicitud especial o necesitas informaci\u00f3n adicional, no dudes a ponerte en contacto con nosotros.\",\"breadcrumb\":{\"@id\":\"https:\/\/hotelcentrereus.com\/es\/contacto\/#breadcrumb\"},\"inLanguage\":\"es\",\"potentialAction\":[{\"@type\":\"ReadAction\",\"target\":[\"https:\/\/hotelcentrereus.com\/es\/contacto\/\"]}]},{\"@type\":\"BreadcrumbList\",\"@id\":\"https:\/\/hotelcentrereus.com\/es\/contacto\/#breadcrumb\",\"itemListElement\":[{\"@type\":\"ListItem\",\"position\":1,\"name\":\"Portada\",\"item\":\"https:\/\/hotelcentrereus.com\/es\/\"},{\"@type\":\"ListItem\",\"position\":2,\"name\":\"CONTACTO\"}]},{\"@type\":\"WebSite\",\"@id\":\"https:\/\/hotelcentrereus.com\/#website\",\"url\":\"https:\/\/hotelcentrereus.com\/\",\"name\":\"Hotel Centre Reus - Hotels One\",\"description\":\"10% DE DESCUENTO AL RESERVAR EN NUESTRA WEB - El Hotel Centre Reus es un hotel peque\u00f1o de 3 estrellas situado en el centro hist\u00f3rico de Reus. Ofrece habitaciones amplias, modernas y elegantes. Con vistas excelentes a la iglesia prioral de Sant Pere.\",\"publisher\":{\"@id\":\"https:\/\/hotelcentrereus.com\/#organization\"},\"alternateName\":\"Hotel Reus\",\"potentialAction\":[{\"@type\":\"SearchAction\",\"target\":{\"@type\":\"EntryPoint\",\"urlTemplate\":\"https:\/\/hotelcentrereus.com\/?s={search_term_string}\"},\"query-input\":{\"@type\":\"PropertyValueSpecification\",\"valueRequired\":true,\"valueName\":\"search_term_string\"}}],\"inLanguage\":\"es\"},{\"@type\":\"Organization\",\"@id\":\"https:\/\/hotelcentrereus.com\/#organization\",\"name\":\"Hotel Centre Reus - Hotels One\",\"alternateName\":\"Hotel Centre\",\"url\":\"https:\/\/hotelcentrereus.com\/\",\"logo\":{\"@type\":\"ImageObject\",\"inLanguage\":\"es\",\"@id\":\"https:\/\/hotelcentrereus.com\/#\/schema\/logo\/image\/\",\"url\":\"https:\/\/hotelcentrereus.com\/wp-content\/uploads\/2024\/06\/Logos-04.png\",\"contentUrl\":\"https:\/\/hotelcentrereus.com\/wp-content\/uploads\/2024\/06\/Logos-04.png\",\"width\":399,\"height\":404,\"caption\":\"Hotel Centre Reus - Hotels One\"},\"image\":{\"@id\":\"https:\/\/hotelcentrereus.com\/#\/schema\/logo\/image\/\"},\"sameAs\":[\"https:\/\/www.facebook.com\/hotelcentrereus2015\",\"https:\/\/x.com\/HotelCentreReus\",\"https:\/\/www.instagram.com\/hotelcentrereus\/\"]}]}<\/script>\n<!-- \/ Yoast SEO plugin. -->","yoast_head_json":{"title":"CONTACTO - Hotel Centre Reus - Hotels One","description":"Si tienes alguna pregunta, solicitud especial o necesitas informaci\u00f3n adicional, no dudes a ponerte en contacto con nosotros.","robots":{"index":"index","follow":"follow","max-snippet":"max-snippet:-1","max-image-preview":"max-image-preview:large","max-video-preview":"max-video-preview:-1"},"canonical":"https:\/\/hotelcentrereus.com\/es\/contacto\/","og_locale":"es_ES","og_type":"article","og_title":"CONTACTO - Hotel Centre Reus - Hotels One","og_description":"Si tienes alguna pregunta, solicitud especial o necesitas informaci\u00f3n adicional, no dudes a ponerte en contacto con nosotros.","og_url":"https:\/\/hotelcentrereus.com\/es\/contacto\/","og_site_name":"Hotel Centre Reus - Hotels One","article_publisher":"https:\/\/www.facebook.com\/hotelcentrereus2015","article_modified_time":"2026-04-27T07:17:58+00:00","og_image":[{"width":997,"height":1024,"url":"https:\/\/hotelcentrereus.com\/wp-content\/uploads\/2024\/04\/IMG_0045_1-997x1024.png","type":"image\/png"}],"twitter_misc":{"Tiempo de lectura":"9 minutos"},"schema":{"@context":"https:\/\/schema.org","@graph":[{"@type":"WebPage","@id":"https:\/\/hotelcentrereus.com\/es\/contacto\/","url":"https:\/\/hotelcentrereus.com\/es\/contacto\/","name":"CONTACTO - Hotel Centre Reus - Hotels One","isPartOf":{"@id":"https:\/\/hotelcentrereus.com\/#website"},"datePublished":"2023-09-26T17:34:48+00:00","dateModified":"2026-04-27T07:17:58+00:00","description":"Si tienes alguna pregunta, solicitud especial o necesitas informaci\u00f3n adicional, no dudes a ponerte en contacto con nosotros.","breadcrumb":{"@id":"https:\/\/hotelcentrereus.com\/es\/contacto\/#breadcrumb"},"inLanguage":"es","potentialAction":[{"@type":"ReadAction","target":["https:\/\/hotelcentrereus.com\/es\/contacto\/"]}]},{"@type":"BreadcrumbList","@id":"https:\/\/hotelcentrereus.com\/es\/contacto\/#breadcrumb","itemListElement":[{"@type":"ListItem","position":1,"name":"Portada","item":"https:\/\/hotelcentrereus.com\/es\/"},{"@type":"ListItem","position":2,"name":"CONTACTO"}]},{"@type":"WebSite","@id":"https:\/\/hotelcentrereus.com\/#website","url":"https:\/\/hotelcentrereus.com\/","name":"Hotel Centre Reus - Hotels One","description":"10% DE DESCUENTO AL RESERVAR EN NUESTRA WEB - El Hotel Centre Reus es un hotel peque\u00f1o de 3 estrellas situado en el centro hist\u00f3rico de Reus. Ofrece habitaciones amplias, modernas y elegantes. Con vistas excelentes a la iglesia prioral de Sant Pere.","publisher":{"@id":"https:\/\/hotelcentrereus.com\/#organization"},"alternateName":"Hotel Reus","potentialAction":[{"@type":"SearchAction","target":{"@type":"EntryPoint","urlTemplate":"https:\/\/hotelcentrereus.com\/?s={search_term_string}"},"query-input":{"@type":"PropertyValueSpecification","valueRequired":true,"valueName":"search_term_string"}}],"inLanguage":"es"},{"@type":"Organization","@id":"https:\/\/hotelcentrereus.com\/#organization","name":"Hotel Centre Reus - Hotels One","alternateName":"Hotel Centre","url":"https:\/\/hotelcentrereus.com\/","logo":{"@type":"ImageObject","inLanguage":"es","@id":"https:\/\/hotelcentrereus.com\/#\/schema\/logo\/image\/","url":"https:\/\/hotelcentrereus.com\/wp-content\/uploads\/2024\/06\/Logos-04.png","contentUrl":"https:\/\/hotelcentrereus.com\/wp-content\/uploads\/2024\/06\/Logos-04.png","width":399,"height":404,"caption":"Hotel Centre Reus - Hotels One"},"image":{"@id":"https:\/\/hotelcentrereus.com\/#\/schema\/logo\/image\/"},"sameAs":["https:\/\/www.facebook.com\/hotelcentrereus2015","https:\/\/x.com\/HotelCentreReus","https:\/\/www.instagram.com\/hotelcentrereus\/"]}]}},"_links":{"self":[{"href":"https:\/\/hotelcentrereus.com\/es\/wp-json\/wp\/v2\/pages\/46","targetHints":{"allow":["GET"]}}],"collection":[{"href":"https:\/\/hotelcentrereus.com\/es\/wp-json\/wp\/v2\/pages"}],"about":[{"href":"https:\/\/hotelcentrereus.com\/es\/wp-json\/wp\/v2\/types\/page"}],"author":[{"embeddable":true,"href":"https:\/\/hotelcentrereus.com\/es\/wp-json\/wp\/v2\/users\/1"}],"replies":[{"embeddable":true,"href":"https:\/\/hotelcentrereus.com\/es\/wp-json\/wp\/v2\/comments?post=46"}],"version-history":[{"count":57,"href":"https:\/\/hotelcentrereus.com\/es\/wp-json\/wp\/v2\/pages\/46\/revisions"}],"predecessor-version":[{"id":5988,"href":"https:\/\/hotelcentrereus.com\/es\/wp-json\/wp\/v2\/pages\/46\/revisions\/5988"}],"wp:attachment":[{"href":"https:\/\/hotelcentrereus.com\/es\/wp-json\/wp\/v2\/media?parent=46"}],"curies":[{"name":"wp","href":"https:\/\/api.w.org\/{rel}","templated":true}]}}